{"id":3050,"date":"2017-06-27T00:00:00","date_gmt":"2017-06-27T00:00:00","guid":{"rendered":"https:\/\/www.farmec.ro\/compania\/presa\/farmec-relanseaza-linia-de-produse-gerovital-stop-acnee-intr-o-varianta-extinsa-si-modernizata\/"},"modified":"2020-07-28T14:58:15","modified_gmt":"2020-07-28T14:58:15","slug":"farmec-relanseaza-linia-de-produse-gerovital-stop-acnee-intr-o-varianta-extinsa-si-modernizata","status":"publish","type":"presa","link":"https:\/\/www.farmec.ro\/compania\/comunicate-de-presa\/farmec-relanseaza-linia-de-produse-gerovital-stop-acnee-intr-o-varianta-extinsa-si-modernizata\/","title":{"rendered":"Farmec relanseaz\u0103 linia de produse Gerovital Stop Acnee \u00eentr-o variant\u0103 extins\u0103 \u0219i modernizat\u0103"},"content":{"rendered":"<p>Farmec, cel mai important produc\u0103tor rom&acirc;n de cosmetice, relanseaz\u0103 gama <a href='https:\/\/www.farmec.ro\/produse\/criterii-593-gerovital-stop-acnee\/1.html' target='_blank' rel=\"noopener noreferrer\">Gerovital Stop Acnee<\/a> &icirc;ntr-o variant\u0103 modernizat\u0103 \u015fi extins\u0103. Noua gam\u0103 con\u021bine 6 produse inovatoare care ofer\u0103 solu\u021bii specifice pentru problematica tenului acneic. <br \/> &ldquo;<em>Urm\u0103rim tendin\u0163ele interna\u0163ionale, dar &icirc;n acela\u015fi timp suntem aten\u0163i la ce &icirc;\u015fi doresc consumatorii no\u015ftri. Din acest motiv, am relansat gama <a href='https:\/\/www.farmec.ro\/produse\/criterii-593-gerovital-stop-acnee\/1.html' target='_blank' rel=\"noopener noreferrer\">Gerovital Stop Acnee<\/a>, o linie deja cunoscut\u0103 din portofoliul brandului, &icirc;ntr-o formul\u0103 nou\u0103 \u015fi inovatoare. Ne-am propus s\u0103 revenim pe pia\u0163\u0103 cu o gam\u0103 revolu\u0163ionar\u0103 \u015fi ne-am asigurat c\u0103 vom oferi cele mai eficiente \u015fi calitative solu\u0163ii. Toate produsele au la baz\u0103 principii active specifice, iar eficien\u0163a acestora a fost demonstrat\u0103 prin teste dermatologice atestate la nivel interna\u0163ional. Inova\u0163iile continu\u0103 \u015fi la nivelul ambalajelor, astfel &icirc;nc&acirc;t gama Gerovital Stop Acnee se poate distinge printr-un design modern, tineresc \u015fi proasp\u0103t. Suntem siguri c\u0103 &icirc;n noua versiune, linia va fi \u015fi mai apreciat\u0103 &icirc;n r&acirc;ndul consumatorilor no\u015ftri<\/em>&rdquo;, <strong>a declarat Ioana Borza, Director Marketing Farmec<\/strong>. <br \/> Noile produse asigur\u0103 un program complet de tratament plec&acirc;nd de la nevoile tenului acneic, ac\u021biunea lor fiind complementar\u0103. Acestea au &icirc;n componen\u0163\u0103 principii active, cunoscute pentru combaterea acneei, printre care <strong>Acidul salicilic, Sebarylul, Soothex, Silica Silylate \u015fi Acidul glicolic. <\/strong><br \/> Gama Gerovital Stop Acnee a fost conceput\u0103 sub forma unei <strong>scheme de tratament<\/strong> &icirc;n trei etape \u015fi este foarte bine tolerat\u0103 de toate tipurile de piele. Prima etap\u0103 a tratamentului prevede cur\u0103\u0163area \u0219i purificarea tenului \u015fi se realizeaz\u0103 aplic&acirc;nd <strong><a href='https:\/\/www.farmec.ro\/produse\/ten\/gel-spumant-purifiant-751.html' target='_blank' rel=\"noopener noreferrer\">Gelul Spumant Purifiant<\/a>, <a href='https:\/\/www.farmec.ro\/produse\/ten\/masca-film-purificatoare-755.html' target='_blank' rel=\"noopener noreferrer\">Masca Film Purificatoare<\/a> \u015fi <a href='https:\/\/www.farmec.ro\/produse\/ten\/benzi-curatare-puncte-negre-756.html' target='_blank' rel=\"noopener noreferrer\">Benzile de cur\u0103\u0163are pentru puncte negre<\/a><\/strong>. <strong><a href='https:\/\/www.farmec.ro\/produse\/ten\/crema-gel-sebum-control-752.html' target='_blank' rel=\"noopener noreferrer\">Crema-Gel Sebum Control<\/a> \u015fi <a href='https:\/\/www.farmec.ro\/produse\/ten\/crema-ultra-activa-753.html'>Crema Ultra-Activ\u0103<\/a> <\/strong>sunt utilizate &icirc;n etapa urm\u0103toare, pentru calmarea \u0219i matifierea tenului, iar <strong><a href='https:\/\/www.farmec.ro\/produse\/ten\/crema-cc-matifianta-754.html' target='_blank' rel=\"noopener noreferrer\">Crema CC Matifiant\u0103<\/a><\/strong> mascheaz\u0103 \u015fi ultimele imperfec\u0163iuni ale pielii. <br \/> De asemenea, gama poate fi folosit\u0103 cu succes \u0219i &icirc;n formula unui <strong>kit de tratament cosmetic<\/strong>, format din <strong>Gelul Spumant Purifiant, Crema gel Sebum-Control \u015fi Crema ultra-activ\u0103.<\/strong> <br \/> Gerovital, brandul 100% rom&acirc;nesc recunoscut &icirc;n aproximativ 30 de \u021b\u0103ri, este prezent pe pia\u021b\u0103 de 50 de ani, timp &icirc;n care a c&acirc;\u0219tigat numeroase premii \u0219i distinc\u021bii. &Icirc;n anul 2016, brandul a fost declarat din nou <strong>lider de pia\u021b\u0103 pe segmentul produselor de &icirc;ngrijire a tenului (cu o cot\u0103 de pia\u021b\u0103 valoric\u0103 de 23,3%*).<\/strong><br \/> <strong>Despre Farmec SA Cluj-Napoca<br \/> <\/strong>Farmec SA Cluj-Napoca, cel mai mare produc\u0103tor rom&acirc;n de cosmetice, este un brand emblem\u0103 pentru Rom&acirc;nia, al c\u0103rui portofoliu impresioneaz\u0103 o lume &icirc;ntreag\u0103 prin produse mereu actuale \u0219i moderne, concepute &icirc;n laboratoare performante. Compania are acredit\u0103ri interna\u021bionale ale proceselor de fabrica\u021bie \u0219i comercializeaz\u0103 produsele din portofoliu &icirc;n aproximativ 30 \u021b\u0103ri.<br \/> Pentru a fi la curent cu ultimele nout\u0103\u0163i legate de brand, sfaturi utile din partea speciali\u015ftilor no\u015ftri, surprize \u015fi concursuri ne pute\u0163i urm\u0103ri \u015fi pe conturile noastre de social media.<br \/> Twitter: <a href='https:\/\/twitter.com\/farmec' target='_blank' rel=\"noopener noreferrer\">www.twitter.com\/farmec <\/a><br \/> Facebook: <a href='http:\/\/facebook.com\/farmec.romania' target='_blank' rel=\"noopener noreferrer\">facebook.com\/farmec.romania<\/a><br \/> Site: <a href='http:\/\/www.farmec.ro' target='_blank' rel=\"noopener noreferrer\">www.farmec.ro <\/a><\/p>\n","protected":false},"excerpt":{"rendered":"<p>Farmec, cel mai important produc\u0103tor rom&acirc;n de cosmetice, relanseaz\u0103 gama Gerovital Stop Acnee &icirc;ntr-o variant\u0103 modernizat\u0103 \u015fi extins\u0103. Noua gam\u0103 con\u021bine 6 produse inovatoare care ofer\u0103 solu\u021bii specifice pentru problematica tenului acneic. &ldquo;Urm\u0103rim tendin\u0163ele interna\u0163ionale, dar &icirc;n acela\u015fi timp suntem aten\u0163i la ce &icirc;\u015fi doresc consumatorii no\u015ftri. Din acest motiv, am relansat gama Gerovital Stop [&hellip;]<\/p>\n","protected":false},"featured_media":3051,"template":"","meta":[],"yoast_head":"<!-- This site is optimized with the Yoast SEO plugin v18.4.1 - https:\/\/yoast.com\/wordpress\/plugins\/seo\/ -->\n<title>Farmec relanseaz\u0103 linia de produse Gerovital Stop Acnee \u00eentr-o variant\u0103 extins\u0103 \u0219i modernizat\u0103<\/title>\n<meta name=\"description\" content=\"Farmec relanseaz\u0103 linia de produse Gerovital Stop Acnee \u00eentr-o variant\u0103 extins\u0103 \u0219i modernizat\u0103\" \/>\n<meta name=\"robots\" content=\"index, follow, max-snippet:-1, max-image-preview:large, max-video-preview:-1\" \/>\n<link rel=\"canonical\" href=\"https:\/\/www.farmec.ro\/compania\/comunicate-de-presa\/farmec-relanseaza-linia-de-produse-gerovital-stop-acnee-intr-o-varianta-extinsa-si-modernizata\/\" \/>\n<meta property=\"og:locale\" content=\"ro_RO\" \/>\n<meta property=\"og:type\" content=\"article\" \/>\n<meta property=\"og:title\" content=\"Farmec relanseaz\u0103 linia de produse Gerovital Stop Acnee \u00eentr-o variant\u0103 extins\u0103 \u0219i modernizat\u0103\" \/>\n<meta property=\"og:description\" content=\"Farmec relanseaz\u0103 linia de produse Gerovital Stop Acnee \u00eentr-o variant\u0103 extins\u0103 \u0219i modernizat\u0103\" \/>\n<meta property=\"og:url\" content=\"https:\/\/www.farmec.ro\/compania\/comunicate-de-presa\/farmec-relanseaza-linia-de-produse-gerovital-stop-acnee-intr-o-varianta-extinsa-si-modernizata\/\" \/>\n<meta property=\"og:site_name\" content=\"FARMEC\" \/>\n<meta property=\"article:modified_time\" content=\"2020-07-28T14:58:15+00:00\" \/>\n<meta property=\"og:image\" content=\"https:\/\/www.farmec.ro\/compania\/wp-content\/uploads\/2020\/07\/Gama-Gerovital-Stop-Acnee-2.jpg\" \/>\n\t<meta property=\"og:image:width\" content=\"800\" \/>\n\t<meta property=\"og:image:height\" content=\"600\" \/>\n\t<meta property=\"og:image:type\" content=\"image\/jpeg\" \/>\n<meta name=\"twitter:card\" content=\"summary_large_image\" \/>\n<meta name=\"twitter:label1\" content=\"Est. reading time\" \/>\n\t<meta name=\"twitter:data1\" content=\"3 minute\" \/>\n<script type=\"application\/ld+json\" class=\"yoast-schema-graph\">{\"@context\":\"https:\/\/schema.org\",\"@graph\":[{\"@type\":\"WebSite\",\"@id\":\"https:\/\/www.farmec.ro\/compania\/#website\",\"url\":\"https:\/\/www.farmec.ro\/compania\/\",\"name\":\"FARMEC\",\"description\":\"Brand Rom\u00e2nesc\",\"potentialAction\":[{\"@type\":\"SearchAction\",\"target\":{\"@type\":\"EntryPoint\",\"urlTemplate\":\"https:\/\/www.farmec.ro\/compania\/?s={search_term_string}\"},\"query-input\":\"required name=search_term_string\"}],\"inLanguage\":\"ro-RO\"},{\"@type\":\"ImageObject\",\"@id\":\"https:\/\/www.farmec.ro\/compania\/comunicate-de-presa\/farmec-relanseaza-linia-de-produse-gerovital-stop-acnee-intr-o-varianta-extinsa-si-modernizata\/#primaryimage\",\"inLanguage\":\"ro-RO\",\"url\":\"https:\/\/www.farmec.ro\/compania\/wp-content\/uploads\/2020\/07\/Gama-Gerovital-Stop-Acnee-2.jpg\",\"contentUrl\":\"https:\/\/www.farmec.ro\/compania\/wp-content\/uploads\/2020\/07\/Gama-Gerovital-Stop-Acnee-2.jpg\",\"width\":800,\"height\":600},{\"@type\":\"WebPage\",\"@id\":\"https:\/\/www.farmec.ro\/compania\/comunicate-de-presa\/farmec-relanseaza-linia-de-produse-gerovital-stop-acnee-intr-o-varianta-extinsa-si-modernizata\/#webpage\",\"url\":\"https:\/\/www.farmec.ro\/compania\/comunicate-de-presa\/farmec-relanseaza-linia-de-produse-gerovital-stop-acnee-intr-o-varianta-extinsa-si-modernizata\/\",\"name\":\"Farmec relanseaz\u0103 linia de produse Gerovital Stop Acnee \u00eentr-o variant\u0103 extins\u0103 \u0219i modernizat\u0103\",\"isPartOf\":{\"@id\":\"https:\/\/www.farmec.ro\/compania\/#website\"},\"primaryImageOfPage\":{\"@id\":\"https:\/\/www.farmec.ro\/compania\/comunicate-de-presa\/farmec-relanseaza-linia-de-produse-gerovital-stop-acnee-intr-o-varianta-extinsa-si-modernizata\/#primaryimage\"},\"datePublished\":\"2017-06-27T00:00:00+00:00\",\"dateModified\":\"2020-07-28T14:58:15+00:00\",\"description\":\"Farmec relanseaz\u0103 linia de produse Gerovital Stop Acnee \u00eentr-o variant\u0103 extins\u0103 \u0219i modernizat\u0103\",\"breadcrumb\":{\"@id\":\"https:\/\/www.farmec.ro\/compania\/comunicate-de-presa\/farmec-relanseaza-linia-de-produse-gerovital-stop-acnee-intr-o-varianta-extinsa-si-modernizata\/#breadcrumb\"},\"inLanguage\":\"ro-RO\",\"potentialAction\":[{\"@type\":\"ReadAction\",\"target\":[\"https:\/\/www.farmec.ro\/compania\/comunicate-de-presa\/farmec-relanseaza-linia-de-produse-gerovital-stop-acnee-intr-o-varianta-extinsa-si-modernizata\/\"]}]},{\"@type\":\"BreadcrumbList\",\"@id\":\"https:\/\/www.farmec.ro\/compania\/comunicate-de-presa\/farmec-relanseaza-linia-de-produse-gerovital-stop-acnee-intr-o-varianta-extinsa-si-modernizata\/#breadcrumb\",\"itemListElement\":[{\"@type\":\"ListItem\",\"position\":1,\"name\":\"Acas\u0103\",\"item\":\"https:\/\/www.farmec.ro\/compania\/\"},{\"@type\":\"ListItem\",\"position\":2,\"name\":\"Presa\",\"item\":\"https:\/\/www.farmec.ro\/compania\/comunicate-de-presa\/\"},{\"@type\":\"ListItem\",\"position\":3,\"name\":\"Farmec relanseaz\u0103 linia de produse Gerovital Stop Acnee \u00eentr-o variant\u0103 extins\u0103 \u0219i modernizat\u0103\"}]}]}<\/script>\n<!-- \/ Yoast SEO plugin. -->","yoast_head_json":{"title":"Farmec relanseaz\u0103 linia de produse Gerovital Stop Acnee \u00eentr-o variant\u0103 extins\u0103 \u0219i modernizat\u0103","description":"Farmec relanseaz\u0103 linia de produse Gerovital Stop Acnee \u00eentr-o variant\u0103 extins\u0103 \u0219i modernizat\u0103","robots":{"index":"index","follow":"follow","max-snippet":"max-snippet:-1","max-image-preview":"max-image-preview:large","max-video-preview":"max-video-preview:-1"},"canonical":"https:\/\/www.farmec.ro\/compania\/comunicate-de-presa\/farmec-relanseaza-linia-de-produse-gerovital-stop-acnee-intr-o-varianta-extinsa-si-modernizata\/","og_locale":"ro_RO","og_type":"article","og_title":"Farmec relanseaz\u0103 linia de produse Gerovital Stop Acnee \u00eentr-o variant\u0103 extins\u0103 \u0219i modernizat\u0103","og_description":"Farmec relanseaz\u0103 linia de produse Gerovital Stop Acnee \u00eentr-o variant\u0103 extins\u0103 \u0219i modernizat\u0103","og_url":"https:\/\/www.farmec.ro\/compania\/comunicate-de-presa\/farmec-relanseaza-linia-de-produse-gerovital-stop-acnee-intr-o-varianta-extinsa-si-modernizata\/","og_site_name":"FARMEC","article_modified_time":"2020-07-28T14:58:15+00:00","og_image":[{"width":800,"height":600,"url":"https:\/\/www.farmec.ro\/compania\/wp-content\/uploads\/2020\/07\/Gama-Gerovital-Stop-Acnee-2.jpg","type":"image\/jpeg"}],"twitter_card":"summary_large_image","twitter_misc":{"Est. reading time":"3 minute"},"schema":{"@context":"https:\/\/schema.org","@graph":[{"@type":"WebSite","@id":"https:\/\/www.farmec.ro\/compania\/#website","url":"https:\/\/www.farmec.ro\/compania\/","name":"FARMEC","description":"Brand Rom\u00e2nesc","potentialAction":[{"@type":"SearchAction","target":{"@type":"EntryPoint","urlTemplate":"https:\/\/www.farmec.ro\/compania\/?s={search_term_string}"},"query-input":"required name=search_term_string"}],"inLanguage":"ro-RO"},{"@type":"ImageObject","@id":"https:\/\/www.farmec.ro\/compania\/comunicate-de-presa\/farmec-relanseaza-linia-de-produse-gerovital-stop-acnee-intr-o-varianta-extinsa-si-modernizata\/#primaryimage","inLanguage":"ro-RO","url":"https:\/\/www.farmec.ro\/compania\/wp-content\/uploads\/2020\/07\/Gama-Gerovital-Stop-Acnee-2.jpg","contentUrl":"https:\/\/www.farmec.ro\/compania\/wp-content\/uploads\/2020\/07\/Gama-Gerovital-Stop-Acnee-2.jpg","width":800,"height":600},{"@type":"WebPage","@id":"https:\/\/www.farmec.ro\/compania\/comunicate-de-presa\/farmec-relanseaza-linia-de-produse-gerovital-stop-acnee-intr-o-varianta-extinsa-si-modernizata\/#webpage","url":"https:\/\/www.farmec.ro\/compania\/comunicate-de-presa\/farmec-relanseaza-linia-de-produse-gerovital-stop-acnee-intr-o-varianta-extinsa-si-modernizata\/","name":"Farmec relanseaz\u0103 linia de produse Gerovital Stop Acnee \u00eentr-o variant\u0103 extins\u0103 \u0219i modernizat\u0103","isPartOf":{"@id":"https:\/\/www.farmec.ro\/compania\/#website"},"primaryImageOfPage":{"@id":"https:\/\/www.farmec.ro\/compania\/comunicate-de-presa\/farmec-relanseaza-linia-de-produse-gerovital-stop-acnee-intr-o-varianta-extinsa-si-modernizata\/#primaryimage"},"datePublished":"2017-06-27T00:00:00+00:00","dateModified":"2020-07-28T14:58:15+00:00","description":"Farmec relanseaz\u0103 linia de produse Gerovital Stop Acnee \u00eentr-o variant\u0103 extins\u0103 \u0219i modernizat\u0103","breadcrumb":{"@id":"https:\/\/www.farmec.ro\/compania\/comunicate-de-presa\/farmec-relanseaza-linia-de-produse-gerovital-stop-acnee-intr-o-varianta-extinsa-si-modernizata\/#breadcrumb"},"inLanguage":"ro-RO","potentialAction":[{"@type":"ReadAction","target":["https:\/\/www.farmec.ro\/compania\/comunicate-de-presa\/farmec-relanseaza-linia-de-produse-gerovital-stop-acnee-intr-o-varianta-extinsa-si-modernizata\/"]}]},{"@type":"BreadcrumbList","@id":"https:\/\/www.farmec.ro\/compania\/comunicate-de-presa\/farmec-relanseaza-linia-de-produse-gerovital-stop-acnee-intr-o-varianta-extinsa-si-modernizata\/#breadcrumb","itemListElement":[{"@type":"ListItem","position":1,"name":"Acas\u0103","item":"https:\/\/www.farmec.ro\/compania\/"},{"@type":"ListItem","position":2,"name":"Presa","item":"https:\/\/www.farmec.ro\/compania\/comunicate-de-presa\/"},{"@type":"ListItem","position":3,"name":"Farmec relanseaz\u0103 linia de produse Gerovital Stop Acnee \u00eentr-o variant\u0103 extins\u0103 \u0219i modernizat\u0103"}]}]}},"_links":{"self":[{"href":"https:\/\/www.farmec.ro\/compania\/wp-json\/wp\/v2\/presa\/3050"}],"collection":[{"href":"https:\/\/www.farmec.ro\/compania\/wp-json\/wp\/v2\/presa"}],"about":[{"href":"https:\/\/www.farmec.ro\/compania\/wp-json\/wp\/v2\/types\/presa"}],"wp:featuredmedia":[{"embeddable":true,"href":"https:\/\/www.farmec.ro\/compania\/wp-json\/wp\/v2\/media\/3051"}],"wp:attachment":[{"href":"https:\/\/www.farmec.ro\/compania\/wp-json\/wp\/v2\/media?parent=3050"}],"curies":[{"name":"wp","href":"https:\/\/api.w.org\/{rel}","templated":true}]}}